{"id":148,"date":"2015-03-04T16:00:47","date_gmt":"2015-03-04T14:00:47","guid":{"rendered":"http:\/\/karhu.cedunet.fi\/lyseoseniorit\/?page_id=148"},"modified":"2015-05-06T14:54:50","modified_gmt":"2015-05-06T11:54:50","slug":"toimintakertomus-2014","status":"publish","type":"page","link":"https:\/\/www.cedunet.fi\/lyseoseniorit\/?page_id=148","title":{"rendered":"Toimintakertomus  2014"},"content":{"rendered":"<p>&nbsp;<\/p>\n<p><a href=\"http:\/\/karhu.cedunet.fi\/lyseoseniorit\/wp-content\/uploads\/2015\/02\/Logo.gif\"><img loading=\"lazy\" decoding=\"async\" class=\"alignnone wp-image-58 size-full\" src=\"http:\/\/karhu.cedunet.fi\/lyseoseniorit\/wp-content\/uploads\/2015\/02\/Logo.gif\" alt=\"Logo\" width=\"102\" height=\"166\" \/><\/a><\/p>\n<p>Toimintakertomuksen on kirjoittanut kunniapuheenjohtaja \u00a0 \u00a0 \u00a0 \u00a0 \u00a0 \u00a0 \u00a0 \u00a0 \u00a0<strong>Lauri Lempinen.<\/strong>\u00a0 Mies, jonka ylioppilastodistuksessa on kolme\u00a0\u00e4ll\u00e4\u00e4&#8230;<\/p>\n<p>&nbsp;<\/p>\n<p><span style=\"text-decoration: underline;\">Taustaa<\/span><\/p>\n<p>Koska Porin Lyseon Seniorit ry:n vuoden 2014 toimintakertomus on ensimm\u00e4inen, joka tultuaan kev\u00e4tkokouksessa hyv\u00e4ksytyksi julkaistaan sek\u00e4 Lyseon perinneyhdistyksen verkkosivuilla ett\u00e4 Facebookissa, lienee perusteltua, ett\u00e4 kertomuksen alussa johdantona on suppea yhteenveto mit\u00e4 edelt\u00e4vin\u00e4 24 vuodessa on saatu aikaan. Siis vain suppeasti.<\/p>\n<p>Porin Lyseon perinteiden luomisen voitaneen katsoa alkaneen 1.9.1879, kun Porin Suomenkielinen Yksityislysei aloitti ensimm\u00e4isen lukuvuotensa. Silloin pidettiin my\u00f6s koulun ensimm\u00e4inen juhla. M\u00e4\u00e4r\u00e4vuosijuhlia on sen j\u00e4lkeen pidetty vaihtelevin v\u00e4liajoin s\u00e4\u00e4nn\u00f6llisesti. 90-vuotisjuhlissa naulattiin Matti Salmivallin suunnittelema koulun lippu, jonka vihtatunnus voidaan n\u00e4hd\u00e4 mm. koulun perinneyhdistyksen viiriss\u00e4. Satavuotisjuhlien iltatilaisuus pidettiin Yyteriss\u00e4 silloisessa Rantasipi-hotellissa. 1960-luvun p\u00f6yt\u00e4seurueessa k\u00e4ytiin keskusteluja, joista j\u00e4i it\u00e4m\u00e4\u00e4n vahva siemen, joka aikanaan johti senioriyhdistyksen perustamiseen. Tarkempi kuvaus on luettavissa Senioriyhdistyksen julkaisemassa Juhla-Kollegassa \u201dPorin Lyseo 130 vuotta\u201d.<\/p>\n<p>Porin Lyseon Seniorit ry. perustettiin 10.2.1989 koululla vietetyn presidentti Risto Rytin syntym\u00e4n 100-vuotisjuhlan yhteydess\u00e4. Yhdistyksen tarkoituksena on vaalimalla ja kehitt\u00e4m\u00e4ll\u00e4 koulun perinteit\u00e4 toimia Porin Lyseon lukion, Porin Lyseon koulun ja Porin aikuislukion sek\u00e4 niiden edelt\u00e4j\u00e4koulujen entisten ja nykyisten oppilaiden, opettajien ja toimihenkil\u00f6iden v\u00e4lisen\u00e4 yhdyssiteen\u00e4 ja lyseohengen yll\u00e4pit\u00e4j\u00e4n\u00e4.<\/p>\n<p>Tarkoituksensa toteuttamiseksi yhdistys j\u00e4rjest\u00e4\u00e4 yhteisi\u00e4 kokoontumis- ja juhlatilaisuuksia tai avustaa koulua sellaisten j\u00e4rjest\u00e4misess\u00e4. Yhdistys julkaisee itse Porin Lyseoon liittyvi\u00e4 julkaisuja tai avustaa koulua t\u00e4llaisten julkaisujen tekemisess\u00e4. Yhdistys j\u00e4rjest\u00e4\u00e4 henkil\u00f6tietojen ker\u00e4\u00e4mist\u00e4 ja tallentamista koulun oppilaista ja henkil\u00f6kunnasta.<\/p>\n<p>Vastaperustetun perinneyhdistyksen ensimm\u00e4inen haaste oli koulun 110\u2013vuotisjuhlan j\u00e4rjest\u00e4minen. Pikaisesta aikataulusta, s\u00e4hk\u00f6postin puutteesta ym. huolimatta Porin Suomalaisen Klubin yl\u00e4saliin kokoontui syksyll\u00e4 toistasataa lyseolaista muistelemaan kouluaikojaan ja kunnioittamaan kouluaan. Juhlapuheen piti silloinen maa- mets\u00e4talousministeri Toivo T. Pohjala. Samana syksyn\u00e4 yhdistys julkaisi my\u00f6s Kollega-lehden p\u00e4\u00e4toimittajanaan Jaakko Lepp\u00e4nen. L\u00e4hinn\u00e4 Simo Viljasen ja Pertti Ratsulan junailemana lehden ilmoitustuloilla saatiin taloudellinen pes\u00e4muna nuorelle yhdistykselle.<\/p>\n<p>Vuosittainen perinne alusta alkaen on ollut Vuoden lyseolaisen nime\u00e4minen. Ansiot voivat koostua senioritoiminnan lis\u00e4ksi milt\u00e4 tahansa el\u00e4m\u00e4n alalta. Ensimm\u00e4inen Vuoden lyseolainen on toimitussihteeri evp. Jaakko Lepp\u00e4nen, joka Kollegan p\u00e4\u00e4toimittajuuden lis\u00e4ksi oli toiminut jo 100-vuotisjuhlatoimikunnan tiedottajana. Arvonimen lis\u00e4ksi Vuoden lyseolainen palkitaan vihdalla ja mitalilla.<\/p>\n<p>120-vuotisjuhlista l\u00e4htien on juhlittu n\u00e4ytt\u00e4v\u00e4sti viiden vuoden v\u00e4lein. Juhlaviikon sis\u00e4lt\u00f6 on tietenkin vaihdellut, mutta rehtorien haudoilla k\u00e4ynnit, kaupungin vastaanotto ja lauantai-illan karonkka, viimeksi Teinihipat, ovat olleet juhlaperinteen vakiotapahtumia.<\/p>\n<p>&nbsp;<\/p>\n<p>Senioriyhdistyksen julkaisutoiminta on ollut mittavaa. Tuotantoon voi tutustua yhdistyksen nettisivuilla, mutta erikseen mainittakoon Erkki Lodin ja Risto Ennekarin kirjoittama Porin Lyseon 120-vuotishistoriikki, joka sis\u00e4lsi my\u00f6s projektijohtajana toimineen Tapani Vainio-Mattilan johdolla tehdyn matrikkeliosuuden.<\/p>\n<p>Yhdistyksen aloitteesta Porin kaupunki nimesi puistojen risteyksen Risto Rytin aukioksi. Toukokuussa 2013 Pohjoispuiston p\u00e4\u00e4h\u00e4n aukiolle paljastettiin TaM Sofia Saaren veist\u00e4m\u00e4 presidentti Risto Rytin rintapatsas. Taideteoksen paljasti presidentti Mauno Koivisto ja paljastuspuheen piti ministeri Jaakko Iloniemi. Patsashankkeen toteutumisesta suurimman kiitoksen ansaitsevat Pertti Ratsula ja Tapani Vainio-Mattila.<\/p>\n<p><a href=\"http:\/\/karhu.cedunet.fi\/lyseoseniorit\/wp-content\/uploads\/2015\/03\/Jaakko-iloniemi.jpg\"><img loading=\"lazy\" decoding=\"async\" class=\"alignnone size-medium wp-image-155\" src=\"http:\/\/karhu.cedunet.fi\/lyseoseniorit\/wp-content\/uploads\/2015\/03\/Jaakko-iloniemi-300x200.jpg\" alt=\"Jaakko iloniemi\" width=\"300\" height=\"200\" srcset=\"https:\/\/www.cedunet.fi\/lyseoseniorit\/wp-content\/uploads\/2015\/03\/Jaakko-iloniemi-300x200.jpg 300w, https:\/\/www.cedunet.fi\/lyseoseniorit\/wp-content\/uploads\/2015\/03\/Jaakko-iloniemi.jpg 1024w\" sizes=\"auto, (max-width: 300px) 100vw, 300px\" \/><\/a><\/p>\n<p>Ministeri Jaakko Iloniemi<\/p>\n<p><a href=\"http:\/\/karhu.cedunet.fi\/lyseoseniorit\/wp-content\/uploads\/2015\/03\/Mauno-Koivisto.jpg\"><img loading=\"lazy\" decoding=\"async\" class=\"wp-image-156 size-medium\" title=\"Kuvassa Manu\" src=\"http:\/\/karhu.cedunet.fi\/lyseoseniorit\/wp-content\/uploads\/2015\/03\/Mauno-Koivisto-300x200.jpg\" alt=\"Mauno Koivisto\" width=\"300\" height=\"200\" srcset=\"https:\/\/www.cedunet.fi\/lyseoseniorit\/wp-content\/uploads\/2015\/03\/Mauno-Koivisto-300x200.jpg 300w, https:\/\/www.cedunet.fi\/lyseoseniorit\/wp-content\/uploads\/2015\/03\/Mauno-Koivisto.jpg 1024w\" sizes=\"auto, (max-width: 300px) 100vw, 300px\" \/><\/a><\/p>\n<p>Presidentti Mauno Koivisto<span style=\"color: #2b2b2b; font-size: 16px; line-height: 1.5;\">\u00a0<\/span><\/p>\n<p><a href=\"http:\/\/karhu.cedunet.fi\/lyseoseniorit\/wp-content\/uploads\/2015\/03\/Rehtorit.jpg\"><img loading=\"lazy\" decoding=\"async\" class=\"alignnone size-medium wp-image-157\" src=\"http:\/\/karhu.cedunet.fi\/lyseoseniorit\/wp-content\/uploads\/2015\/03\/Rehtorit-300x200.jpg\" alt=\"Rehtorit\" width=\"300\" height=\"200\" srcset=\"https:\/\/www.cedunet.fi\/lyseoseniorit\/wp-content\/uploads\/2015\/03\/Rehtorit-300x200.jpg 300w, https:\/\/www.cedunet.fi\/lyseoseniorit\/wp-content\/uploads\/2015\/03\/Rehtorit.jpg 1024w\" sizes=\"auto, (max-width: 300px) 100vw, 300px\" \/><\/a><\/p>\n<p>Rehtorit \u00a0Aki Kerminen ja Jarkko Kivel\u00e4<\/p>\n<p><a href=\"http:\/\/karhu.cedunet.fi\/lyseoseniorit\/wp-content\/uploads\/2015\/03\/Virtanen-Lempinen.jpg\"><img loading=\"lazy\" decoding=\"async\" class=\"alignnone size-medium wp-image-158\" src=\"http:\/\/karhu.cedunet.fi\/lyseoseniorit\/wp-content\/uploads\/2015\/03\/Virtanen-Lempinen-300x200.jpg\" alt=\"Virtanen, Lempinen\" width=\"300\" height=\"200\" srcset=\"https:\/\/www.cedunet.fi\/lyseoseniorit\/wp-content\/uploads\/2015\/03\/Virtanen-Lempinen-300x200.jpg 300w, https:\/\/www.cedunet.fi\/lyseoseniorit\/wp-content\/uploads\/2015\/03\/Virtanen-Lempinen.jpg 1024w\" sizes=\"auto, (max-width: 300px) 100vw, 300px\" \/><\/a><\/p>\n<p>Kalevi Virtanen ja Lauri Lempinen<\/p>\n<p>Patsaan paljastamisen j\u00e4lkeen koululla pidettiin juhla, jonka j\u00e4lkeen osanottajille tarjottiin kouluruokaa, kutsuvieraat nauttivat lounaan kaupungintalolla. Muistomerkin paljastamisen kuvakavalkadi on kokonaisuudessaan katsottavissa yhdistyksen nettisivuilta.<\/p>\n<p>Vakiintuneeseen tapaan perinneyhdistys on eri rahastoistaan my\u00f6nt\u00e4nyt koulun stipenditoimikunnan valitsemille opiskelijoille ja oppilaille stipendit seuraavasti:<\/p>\n<p>&nbsp;<\/p>\n<p>Porin Lyseon koulu \u00a0 \u00a0 \u00a0 \u00a0 \u00a0 \u00a0 \u00a0 Lyseon seniorit<\/p>\n<p>Porin Lyseon lukio \u00a0 \u00a0 \u00a0 \u00a0 \u00a0 \u00a0 \u00a0 \u00a0 Lyseon seniorit \u00a0 ja \u00a0 \u00a0 \u00a0 \u00a0 \u00a0 \u00a0 \u00a0 \u00a0 \u00a0 \u00a0 \u00a0 \u00a0 \u00a0 \u00a0 \u00a0 \u00a0 \u00a0 \u00a0 \u00a0 \u00a0 \u00a0 \u00a0 \u00a0 \u00a0 \u00a0 \u00a0 \u00a0Rehtori Ossi Valtosen muistorahasto<\/p>\n<p>Porin aikuislukio \u00a0 \u00a0 \u00a0 \u00a0 \u00a0 \u00a0 \u00a0 \u00a0 \u00a0 \u00a0 \u00a0Lyseon seniorit<\/p>\n<p>Lis\u00e4ksi on muistettu Jazzpassi- nimisell\u00e4 stipendill\u00e4 yht\u00e4 lukion musiikin harrastajaa.<\/p>\n<p>120-vuotisjuhlien j\u00e4lkeen aloitettiin perinne, ett\u00e4 kunakin kev\u00e4\u00e4n\u00e4 50 vuotta aikaisemmin kirjoittaneet \u201driemuylioppilaat\u201d osallistuvat lakkiaisiin. My\u00f6s heill\u00e4 on ollut tapana ker\u00e4t\u00e4 stipendikimppa.<\/p>\n<p>&nbsp;<\/p>\n<p><span style=\"text-decoration: underline;\">Vuosi 2014<\/span><\/p>\n<p>Vuosi 2014 oli kaksinkertainen juhlavuosi, sill\u00e4 Porin Lyseo vietti syksyll\u00e4 135 -vuotisjuhlaviikkoaan ja koulun perinneyhdistys, Porin Lyseon Seniorit ry., tuli toimineeksi 25 vuotta. J\u00e4rjest\u00f6rutiinien ohella toimintavuotta s\u00e4vytti valmistautuminen lokakuiseen juhlaviikkoon. Helmikuun kolmantena p\u00e4iv\u00e4n\u00e4 vietiin vuosittainen kukkatervehdys presidentti Risto Rytin patsaalle h\u00e4nen syntym\u00e4p\u00e4iv\u00e4n\u00e4\u00e4n.<\/p>\n<p>&nbsp;<\/p>\n<p><span style=\"text-decoration: underline;\">Hallitus, toimikunnat ja j\u00e4senist\u00f6<\/span><\/p>\n<p>Vuoden 2014 hallitukseen kuuluivat:<\/p>\n<ul>\n<li>puheenjohtaja Hannu Salonoja<\/li>\n<li>varapuheenjohtaja Pekka Salonen, kunniaj\u00e4sen 27.9. alkaen<\/li>\n<li>sihteeri Taina Vehmanen<\/li>\n<li>varainhoitaja Olli Kaski<\/li>\n<li>Pekka Harttila<\/li>\n<li>Jussi Koskinen<\/li>\n<li>Ilkka Karumo<\/li>\n<li>Lauri Lempinen, kunniapuheenjohtaja 27.9. alkaen<\/li>\n<li>Pia Rauhalammi<\/li>\n<li>Johanna Siitari<\/li>\n<\/ul>\n<p>&nbsp;<\/p>\n<p>Lis\u00e4ksi Hallituksen ty\u00f6skentelyyn kutsuttuina osallistuivat:<\/p>\n<ul>\n<li>Jarkko Kivel\u00e4, Porin Lyseon lukion rehtori<\/li>\n<li>Aki Kerminen, Porin Lyseon koulun rehtori<\/li>\n<li>Anne-Maj Eskelinen, Porin Aikuislukion rehtori<\/li>\n<li>Kalevi Virtanen, tiedottaja<\/li>\n<li>Erkki Lod, perinnetoimikunta, pj<\/li>\n<li>Seppo Sipil\u00e4inen, perinnetoimikunta<\/li>\n<li>Raimo Kostensalo, perinnetoimikunta<\/li>\n<li>Risto Ennekari, Palmusunnuntain kerhon yhteyshenkil\u00f6<\/li>\n<\/ul>\n<p>&nbsp;<\/p>\n<p>Hallitus kokoontui kuusi kertaa. Henkil\u00f6iden lukum\u00e4\u00e4r\u00e4 huomioon ottaen osallistumisaktiivisuus olisi voinut olla parempikin, mutta \u201dasialliset hommat hoidettiin\u201d.<\/p>\n<p>Marraskuun lopulla pidetyss\u00e4 vanhan ja uuden hallituksen yhteis-\/j\u00e4rjest\u00e4ymiskokouksessa syyskokouksessa puheenjohtajaksi valitun Johanna Siitarin esikuntaan valittiin varapuheenjohtajaksi Pekka Salonen, sihteeriksi Taina Vehmanen, varainhoitajaksi Olli Kaski ja tiedottajaksi (verkkosivut ym.) Jussi Koskinen.<\/p>\n<p>Perinnetoimikunnan muodostivat yll\u00e4 mainitut Erkki Lod (pj), Raimo Kostensalo ja Seppo Sipil\u00e4inen. Lod ja Sipil\u00e4inen jatkoivat koulun vanhan opetusmateriaalin (kirjat, kartat, taulut ym.) j\u00e4rjest\u00e4mist\u00e4 ja luettelointia. Kostensalo puolestaan jatkoi senioritoimintaa esittelev\u00e4n videoelokuvan valmistelua, jonka maailman ensi-illaksi on p\u00e4\u00e4tetty vuoden 2015 Studia Lyciensia-tapahtuma.<\/p>\n<p>Perinnetoimikuntaa vahvistettiin syyskokouksessa hallitukseen valitulla Markku Salmisella.<\/p>\n<p>&nbsp;<\/p>\n<p>Jo paljon ennen senioriyhdistyksen perustamista Seppo Sipil\u00e4inen oli aloittanut oman lyseoperinneharrastuksensa kokoamalla mm. lyseolaisten kutsumanimi\u00e4 ja pit\u00e4m\u00e4ll\u00e4 leikearkistoa. Lauri Lempinen puolestaan aloitti leikekirjan pidon siin\u00e4 vaiheessa, kun lehtipuffein kutsuttiin yhdistyksen perustamisesta kiinnostuneita henkil\u00f6it\u00e4 keskustelemaan asiasta.<\/p>\n<p>&nbsp;<\/p>\n<p>Koulumme perinnett\u00e4 on omalta osaltaan vaalinut jo yli 50 vuotta Helsingiss\u00e4 kokoontunut Palmusunnuntain kerho, jossa p\u00e4\u00e4kaupunkiseudulle sijoittuneet lyseolaiset kokoontuvat yhteiselle lounaalle. Senioriyhdistyksen yhteyshenkil\u00f6n\u00e4 toimii Risto Ennekari.<\/p>\n<p>&nbsp;<\/p>\n<p>Toukokuun viidenten\u00e4 p\u00e4iv\u00e4n\u00e4 Satakunnan museon amanuenssi Johanna Jakomaa, kuva-arkistonhoitaja Mervi Aho, toimistosihteeri Pirjo Nybacka ja arkistonhoitaja Johanna Mattila tutustuivat Porin Lyseon Seniorien perinnetoimikunnan j\u00e4rjest\u00e4miin koulun kirjasto- ja arkistokokoelmiin sek\u00e4 Vanhaan juhlasaliin. Samalla saatiin arkistointi- ja muita ohjeita ty\u00f6n jatkamiseksi, mm. aineiston s\u00e4ilymisen takaamiseksi kaikki muovitaskut ja paperiliittimet tulisi poistaa aineiston joukosta. Muovitaskut tulisi korvata pahvisilla arkistokoteloilla. Johanna Jakomaan laatima muistio saatiin koulun ja seniorien k\u00e4ytt\u00f6\u00f6n.<\/p>\n<p>Golf-toimikunnan muodostivat jo kahdeksatta vuotta Ilkka Karumo ja Lauri Lempinen, joiden tueksi syksyll\u00e4 valittiin Markku Asmala ja Lasse Talasma. Vakiintuneina kisoina pelattiin lyseolaisten Vihtagolf Yyteriss\u00e4 ja Lyseon ja Vellil\u00e4n (PSYL) senioreiden 55+ v\u00e4linen kisa Kalaforniassa. Yhteenveto kes\u00e4n 2014 kilpailuista on t\u00e4m\u00e4n toimintakertomuksen liitteen\u00e4.<\/p>\n<p>&nbsp;<\/p>\n<p>Talousvaliokunnan muodostivat varainhoitaja Olli Kasken lis\u00e4ksi Hannu Penttil\u00e4 ja Matti Ratsula.<\/p>\n<p>&nbsp;<\/p>\n<p>Yhdistyksen j\u00e4senm\u00e4\u00e4r\u00e4 on noin 750 ollen hienoisessa laskussa, sill\u00e4 uusien j\u00e4senten liittymism\u00e4\u00e4r\u00e4 ei kata luonnollista poistumaa. Kuluva vuosi tuo toivottavasti ratkaisun nuorempien ik\u00e4luokkien saamiseksi perinneyhdistyksen toimintaan.<\/p>\n<p>&nbsp;<\/p>\n<p>Tehtyjen p\u00e4\u00e4t\u00f6sten mukaan toiminnasta tiedotettiin s\u00e4hk\u00f6postittomille j\u00e4senille yhdell\u00e4 j\u00e4senkirjeell\u00e4. S\u00e4hk\u00f6postilla infoa tarjottiin useamminkin. Lis\u00e4ksi k\u00e4ytettiin yhdistyksen nettisivuja sek\u00e4 facebookia. Aikoinaan tavoitteeksi asetettu Nettikollega-hanke ei edelleenk\u00e4\u00e4n edennyt. Tiedottamisen kokonaisvaltainen tehostaminen on yksi alkaneen toimintakauden haasteita.<\/p>\n<p>&nbsp;<\/p>\n<p><span style=\"text-decoration: underline;\">Studia lyciensia <\/span><\/p>\n<p>&nbsp;<\/p>\n<p>Paljoista puheista ja ty\u00f6ryhm\u00e4st\u00e4 huolimatta ei Porin lukioiden yhdist\u00e4misiin ja muiden koulujen lakkauttamisiin suunniteltu erillinen koulupoliittisen keskustelun j\u00e4rjest\u00e4minen ja sen kariuduttua samasta aiheesta aiottu Studia lyciensia \u00a0\u2013luentotilaisuus koulussa ei toteutunut.<\/p>\n<p>&nbsp;<\/p>\n<p>Korvaavana, mutta hyv\u00e4n\u00e4 ratkaisuna tehtiin historiaa sik\u00e4li, ett\u00e4 ensimm\u00e4isen kerran tilaisuus toteutettiin ei-lyseolaisin voimin. Johtaja Harri Peltoniemi esitteli lukion opiskelijoille Porin yliopistokeskuksen tarjoamia jatko-opiskelumahdollisuuksia.<\/p>\n<p>&nbsp;<\/p>\n<p>Yliopistokeskuksessa toimii <a href=\"http:\/\/www.ucpori.fi\/yliopistot\">nelj\u00e4 yliopistoa<\/a>, joiden Porin yksik\u00f6iss\u00e4 tehd\u00e4\u00e4n tutkimusta seuraavilla tieteenaloilla:<\/p>\n<ul>\n<li>Aalto-yliopisto: taide ja media<\/li>\n<li>Tampereen teknillinen yliopisto: tekniikka ja talous<\/li>\n<li>Tampereen yliopisto: sosiaalitieteet<\/li>\n<li>Turun yliopisto: kauppatieteet, kulttuuri, merenkulku ja l\u00e4\u00e4ketiede.<\/li>\n<\/ul>\n<p>&nbsp;<\/p>\n<p><span style=\"text-decoration: underline;\">Kev\u00e4tkokous<\/span><\/p>\n<p>&nbsp;<\/p>\n<p>Kev\u00e4tkokous pidettiin vanhassa juhlasalissa 6.5. Studia lyciensia \u2013luennon j\u00e4lkeen n. klo 14.00.<\/p>\n<p>Kokoukseen siirrytt\u00e4ess\u00e4 Erkki Lod ja Seppo Sipil\u00e4inen esitteliv\u00e4t koulun kirjastoa.<\/p>\n<p>Kokouksen puheenjohtajana toimi varapuheenjohtaja Pekka Salonen ja sihteerin\u00e4 Lauri Lempinen. Vuoden 2013 toimintakertomus hyv\u00e4ksyttiin sek\u00e4 tase ja tilinp\u00e4\u00e4t\u00f6s vahvistettiin.<\/p>\n<p>Kokouksen j\u00e4lkeen Pekka Salonen esitelm\u00f6i lyseolaisen virsirunoilija Simo Korpelan (s.12.4.1863\u00a0 &#8211; k. 14.6.1936, yo 1887) el\u00e4m\u00e4nvaiheista sek\u00e4 n\u00e4htiin h\u00e4nest\u00e4 tehty videofilmi. Kokoukseen osallistui 12 j\u00e4sent\u00e4, joiden taholta kuultiin kiitokset yhdistyksen aktiivitoimijoille.<\/p>\n<p>&nbsp;<\/p>\n<p><span style=\"text-decoration: underline;\">Syyskokous<\/span><\/p>\n<p>&nbsp;<\/p>\n<p>Seniorien syyskokous pidettiin perinteiseen tapaan Porin P\u00e4iv\u00e4n\u00e4 27.9. Porin Suomalaisella Klubilla. Kokouksen puheenjohtajana ja sihteerin\u00e4 toimivat Hannu Salonoja ja Taina Vehmanen. Kokoukseen osallistui noin 30 senioriaktiivia.<\/p>\n<p>&nbsp;<\/p>\n<p>Syyskokouksen alussa kunnioitettiin tiedossa olleiden edesmenneiden lyseolaisten muistoa. Nimilista perustui Lauri Lempisen kokoamiin leikekirjatietoihin samoin kuin h\u00e4nen esitt\u00e4m\u00e4ns\u00e4 yhteenveto lyseolaisten saavutuksista ja maineteoista.<\/p>\n<p>&nbsp;<\/p>\n<p>Puheenjohtaja Hannu Salonoja ilmoitti kokoukselle, ett\u00e4 h\u00e4n ei en\u00e4\u00e4 ole k\u00e4ytett\u00e4viss\u00e4 valittaessa puheenjohtajaa vuodelle 2015. Uudeksi puheenjohtajaksi valittiin hallituksen j\u00e4sen Johanna Siitari.<\/p>\n<figure id=\"attachment_140\" aria-describedby=\"caption-attachment-140\" style=\"width: 300px\" class=\"wp-caption alignnone\"><a href=\"http:\/\/karhu.cedunet.fi\/lyseoseniorit\/wp-content\/uploads\/2015\/03\/Siitari-Salonoja.jpg\"><img loading=\"lazy\" decoding=\"async\" class=\"wp-image-140 size-medium\" src=\"http:\/\/karhu.cedunet.fi\/lyseoseniorit\/wp-content\/uploads\/2015\/03\/Siitari-Salonoja-300x242.jpg\" alt=\"Uusi puheenjohtaja Johanna Siitari. Taustalla v\u00e4istyv\u00e4 puheenjohtaja Hannu Salonoja\" width=\"300\" height=\"242\" srcset=\"https:\/\/www.cedunet.fi\/lyseoseniorit\/wp-content\/uploads\/2015\/03\/Siitari-Salonoja-300x242.jpg 300w, https:\/\/www.cedunet.fi\/lyseoseniorit\/wp-content\/uploads\/2015\/03\/Siitari-Salonoja-1024x827.jpg 1024w\" sizes=\"auto, (max-width: 300px) 100vw, 300px\" \/><\/a><figcaption id=\"caption-attachment-140\" class=\"wp-caption-text\">Johanna Siitari. Taustalla Hannu Salonoja<\/figcaption><\/figure>\n<p>&nbsp;<\/p>\n<p>Hallitukseen valittiin erovuoroisen Pekka Harttilan tilalle kolmeksi vuodeksi Hannu Salonoja, hallituksesta eroa pyyt\u00e4neen Pia Rauhalammin tilalle kahdeksi vuodeksi Markku Salminen ja puheenjohtajaksi siirtyv\u00e4n Johannan Siitarin tilalle yhdeksi vuodeksi Lasse Talasma.<\/p>\n<p>&nbsp;<\/p>\n<p>Kokous vahvisti hallituksen esitt\u00e4m\u00e4t toiminta- ja taloussuunnitelmat vuodelle 2015.<\/p>\n<p>&nbsp;<\/p>\n<p>Hallituksen esityksest\u00e4 syyskokous p\u00e4\u00e4tti kutsua yhdistyksen kunniapuheenjohtajaksi Lauri Lempisen ja kunniaj\u00e4seneksi Pekka Salosen, jotka aikoinaan olivat yhdistyksen perustamisen puuhamiehi\u00e4 ja ovat toimineet hallituksessa alusta alkaen.<\/p>\n<p>&nbsp;<\/p>\n<p>Vuoden lyseolaiseksi yhdistyksen hallitus oli valinnut Ilta-Sanomien urheilutoimittaja ja \u2013kolumnisti Pekka Holopaisen, joka kirjoitti ylioppilaaksi v.1985 samoin kuin h\u00e4nen esittelij\u00e4ns\u00e4, saman lehden politiikan toimituksen esimies Mika Koskinen. Pekka Holopainen siirtyi viiden vuoden ulkomaantoimituksen, kolmen Tukholman ja kolmen Lontoon vuoden j\u00e4lkeen Ilta-Sanomien urheilutoimitukseen. H\u00e4nell\u00e4 on takanaan toimittajana lukuisat olympiakisat ja eri lajien MM- ja EM-kisat ja muita arvokilpailuja. H\u00e4n on saavuttanut monta huomattavaa journalistipalkintoa sek\u00e4 julkaissut kaksi kirjaa.<\/p>\n<figure id=\"attachment_165\" aria-describedby=\"caption-attachment-165\" style=\"width: 288px\" class=\"wp-caption alignnone\"><a href=\"http:\/\/karhu.cedunet.fi\/lyseoseniorit\/wp-content\/uploads\/2015\/03\/Holopainen.jpg\"><img loading=\"lazy\" decoding=\"async\" class=\"size-medium wp-image-165\" src=\"http:\/\/karhu.cedunet.fi\/lyseoseniorit\/wp-content\/uploads\/2015\/03\/Holopainen-288x300.jpg\" alt=\"Pekka Holopainen Vuoden lyseolainen 2014\" width=\"288\" height=\"300\" srcset=\"https:\/\/www.cedunet.fi\/lyseoseniorit\/wp-content\/uploads\/2015\/03\/Holopainen-288x300.jpg 288w, https:\/\/www.cedunet.fi\/lyseoseniorit\/wp-content\/uploads\/2015\/03\/Holopainen-983x1024.jpg 983w\" sizes=\"auto, (max-width: 288px) 100vw, 288px\" \/><\/a><figcaption id=\"caption-attachment-165\" class=\"wp-caption-text\">Pekka Holopainen<br \/>Vuoden lyseolainen 2014<\/figcaption><\/figure>\n<p>&nbsp;<\/p>\n<p><span style=\"text-decoration: underline;\">Juhlaviikko<\/span><\/p>\n<p>Kev\u00e4\u00e4n aikana k\u00e4ydyiss\u00e4 suunnittelupalavereissa p\u00e4\u00e4dyttiin siihen, ett\u00e4 juhlat j\u00e4rjestet\u00e4\u00e4n ns. v\u00e4livuoden (135) toteutuksena v\u00e4h\u00e4n siit\u00e4kin syyst\u00e4, ett\u00e4 monissa kouluissa tehd\u00e4\u00e4n suruty\u00f6t\u00e4 niiden toiminnan p\u00e4\u00e4ttyess\u00e4 yhdistett\u00e4ess\u00e4 opetusta suurempiin kokonaisuuksiin.<\/p>\n<p>&nbsp;<\/p>\n<p>Porin Lyseon lukion, Porin Lyseon koulun ja senioriyhdistyksen yhteisty\u00f6n\u00e4 juhlaviikkoa vietettiin viikolla 41 seuraavasti:<\/p>\n<p>&nbsp;<\/p>\n<ul>\n<li>To 9.10. klo 8.30 vietiin kukkatervehdykset Poriin haudattujen rehtorien (Adolf Malin, Reino Hannula, Jorma S\u00e4rkk\u00e4 ja Kullervo J\u00e4rvi) haudoille ja presidentti Risto Rytin patsaalle. Delegaation muodostivat lukion rehtori Jarkko Kivel\u00e4, lukion opiskelijakunnan puheenjohtaja Miika Kulmala sek\u00e4 seniorien kunniapuheenjohtaja Lauri Lempinen ja kunniaj\u00e4sen Pekka Salonen. Muistosanat kussakin kohteessa lausui Jarkko Kivel\u00e4.<\/li>\n<\/ul>\n<p>&nbsp;<\/p>\n<ul>\n<li>To 9.10 oli lukion opiskelijoiden ja koulun oppilaiden juhla ja juhlaruokailu. Juhlassa seniorien tervehdyksen esitti kunniapuheenjohtaja Lauri Lempinen.<\/li>\n<\/ul>\n<p>&nbsp;<\/p>\n<ul>\n<li>To 9.10 klo 15 &#8211; 18, pe 10.10. klo 12 &#8211; 15 ja la 11.10. klo 16 &#8211; 18 oli Vanhassa juhlasalissa juhlan\u00e4yttely avoinna: Episkoopista E-kirjaan! Lyseo 135 vuotta. Koulun asettamassa n\u00e4yttelyn suunnitteluty\u00f6ryhm\u00e4ss\u00e4 senioreita edustivat Erkki Lod ja Seppo Sipil\u00e4inen.<\/li>\n<\/ul>\n<p>&nbsp;<\/p>\n<ul>\n<li>Pe 31.10. oli Porin kaupungintalolla vastaanotto n. 120 hengelle koulun henkil\u00f6kuntaa ja senioreita sek\u00e4 er\u00e4it\u00e4 sidosryhmien edustajia. Illan is\u00e4nt\u00e4n\u00e4 toimi apulaiskaupunginjohtaja Kari Hannus, jonka tervetuliaissanojen j\u00e4lkeen rehtorit Jarkko Kivel\u00e4 ja Aki Kerminen ojensivat h\u00e4nelle kaksi vihtaa, joista toinen illan is\u00e4nn\u00e4lle ja toinen my\u00f6nteisen vastaanottop\u00e4\u00e4t\u00f6ksen tehneelle kaupunginjohtaja Aino-Maija Luukkoselle. Juhlijoiden kiitokset esitti rehtori Aki Kerminen.<\/li>\n<\/ul>\n<p>&nbsp;<\/p>\n<ul>\n<li>La 11.10. klo 18.00 &#8211; 23.55 oli Lyseosalissa perinneyhdistyksen j\u00e4rjest\u00e4m\u00e4n\u00e4 kaikkien oppikoulujen senioreille suunnatut \u201dKaikkien Aikojen Teinihipat\u201d. 32 euron illalliskortin lunasti noin 150 kutsun kuullutta. Ilahduttavaa oli opettajien ja muiden koulujen senioreiden runsas osanotto. Kutsuvieraat ja esiintyj\u00e4t mukaan lukien illan kokonaisv\u00e4kim\u00e4\u00e4r\u00e4 oli noin 180 henke\u00e4. Tarjoilusta vastasi Wiikin Helmi, avustavia teht\u00e4vi\u00e4 suoritti lukion opiskelijakunta ja illan juonsi Pekka Salonen, joka toimi my\u00f6s tapahtuman p\u00e4\u00e4j\u00e4rjest\u00e4j\u00e4n\u00e4 apunaan Ilkka Karumo ja Lauri Lempinen<\/li>\n<\/ul>\n<p>&nbsp;<\/p>\n<p>Illan aikana v\u00e4istyv\u00e4 puheenjohtaja Hannu Salonoja esitteli syyskokouksessa kunniapuheenjohtajaksi kutsutun Lauri Lempisen ja kunniaj\u00e4seneksi kutsutun Pekka Salosen sek\u00e4 uudeksi puheenjohtajaksi valitun Johanna Siitarin. Yll\u00e4tysnumerona kuultiin ministeri Jaakko Iloniemen puheenvuoro.<\/p>\n<div id='gallery-1' class='gallery galleryid-148 gallery-columns-2 gallery-size-large'><figure class='gallery-item'>\n\t\t\t<div class='gallery-icon landscape'>\n\t\t\t\t<a href='https:\/\/www.cedunet.fi\/lyseoseniorit\/?attachment_id=168'><img loading=\"lazy\" decoding=\"async\" width=\"474\" height=\"369\" src=\"https:\/\/www.cedunet.fi\/lyseoseniorit\/wp-content\/uploads\/2015\/03\/Salonen-ja-Lempinen-1024x798.jpg\" class=\"attachment-large size-large\" alt=\"\" aria-describedby=\"gallery-1-168\" srcset=\"https:\/\/www.cedunet.fi\/lyseoseniorit\/wp-content\/uploads\/2015\/03\/Salonen-ja-Lempinen-1024x798.jpg 1024w, https:\/\/www.cedunet.fi\/lyseoseniorit\/wp-content\/uploads\/2015\/03\/Salonen-ja-Lempinen-300x234.jpg 300w\" sizes=\"auto, (max-width: 474px) 100vw, 474px\" \/><\/a>\n\t\t\t<\/div>\n\t\t\t\t<figcaption class='wp-caption-text gallery-caption' id='gallery-1-168'>\n\t\t\t\tSalonen ja Lempinen\n\t\t\t\t<\/figcaption><\/figure><figure class='gallery-item'>\n\t\t\t<div class='gallery-icon landscape'>\n\t\t\t\t<a href='https:\/\/www.cedunet.fi\/lyseoseniorit\/?attachment_id=166'><img loading=\"lazy\" decoding=\"async\" width=\"474\" height=\"357\" src=\"https:\/\/www.cedunet.fi\/lyseoseniorit\/wp-content\/uploads\/2015\/03\/Iloniemi-ja-Vallin-1024x771.jpg\" class=\"attachment-large size-large\" alt=\"\" aria-describedby=\"gallery-1-166\" srcset=\"https:\/\/www.cedunet.fi\/lyseoseniorit\/wp-content\/uploads\/2015\/03\/Iloniemi-ja-Vallin-1024x771.jpg 1024w, https:\/\/www.cedunet.fi\/lyseoseniorit\/wp-content\/uploads\/2015\/03\/Iloniemi-ja-Vallin-300x226.jpg 300w\" sizes=\"auto, (max-width: 474px) 100vw, 474px\" \/><\/a>\n\t\t\t<\/div>\n\t\t\t\t<figcaption class='wp-caption-text gallery-caption' id='gallery-1-166'>\n\t\t\t\tIloniemi ja Vallin\n\t\t\t\t<\/figcaption><\/figure>\n\t\t<\/div>\n\n<p>&nbsp;<\/p>\n<p>Hippojen noin aikataulu ja ohjelman suorittajat:<\/p>\n<ul>\n<li>17:30 Ovet ja juomapiste\/et avautuvat<\/li>\n<li>17:50 \u2013 18.50 Jatsia: lukion nykyisten oppilaiden b\u00e4ndi<\/li>\n<li>18:30 Tervetulosanat<\/li>\n<li>18:50 \u2013 19.05 Tarkka-A &amp; kni r\u00e4pp\u00e4\u00e4. Mm \u201dMu Porini\u201d ja \u201d Ota ryyppy\u201d<\/li>\n<li>19:05 \u2013 21.00 Ruokailu noutop\u00f6yd\u00e4st\u00e4<\/li>\n<li>20:00 \u2013 21.00 Opettajien b\u00e4ndi<\/li>\n<li>21:00 \u2013 22.00 Jatsia: Kangas, Karumo, Sarpila &amp; knit<\/li>\n<li>22:00 \u2013 23.00 C The Troublemakers; rock`n`rollia ja bluesia<\/li>\n<li>23.55 \u00a0 \u00a0 Valomerkki<\/li>\n<\/ul>\n<p>&nbsp;<\/p>\n<ul>\n<li>Su 12.10. klo 10 Keski-Porin kirkossa juhlajumalanpalveluksen toimittivat lyseolaiset papit Tapio Aaltonen ja Lari Junkkari.<\/li>\n<\/ul>\n<p>&nbsp;<\/p>\n<p><span style=\"text-decoration: underline;\">Vuonna 2014 my\u00f6nnettyjen stipendien saajat:<\/span><\/p>\n<p><strong>Porin Lyseon koulu:<\/strong><\/p>\n<ul>\n<li>Riku Kangasniemi,\u00a0\u00a0\u00a0\u00a0\u00a0\u00a0\u00a0\u00a0 Lyseon seniorit<\/li>\n<\/ul>\n<p><strong>Porin Lyseon lukio: \u00a0<\/strong><\/p>\n<ul>\n<li>\u00a0Lasse Lund, Lyseon seniorit<\/li>\n<li>\u00a0Una Harnet, Rehtori Ossi Valtosen\u00a0muistorahasto<\/li>\n<\/ul>\n<p><strong>Porin aikuislukio:<\/strong><\/p>\n<ul>\n<li>\u00a0Laura Vuorimies, Lyseon seniorit, kev\u00e4t<\/li>\n<li>\u00a0Toni Ahola, Lyseon seniorit, syksy<\/li>\n<\/ul>\n<p>&nbsp;<\/p>\n<p>Jokainen stipendin saaja on saanut vihtakassillisen senioriyhdistyksen julkaisemaa kirjallisuutta. Aiempina vuosina lukion yhdelle opiskelijalle my\u00f6nnetty jazzpassi korvattiin kertomusvuonna kolmen p\u00e4iv\u00e4n p\u00e4\u00e4sylipuksi, jonka saivat Mikko Korpi, Julius Lepola ja Eetu Nyman.<\/p>\n<p>&nbsp;<\/p>\n<p><span style=\"text-decoration: underline;\">Vuoden 2015 toimintakaudesta<\/span><\/p>\n<p>&nbsp;<\/p>\n<p>Syyskokouksessa hyv\u00e4ksytyn toimintasuunnitelman ja sen j\u00e4lkeisten suunnitelmien ja p\u00e4\u00e4t\u00f6sten kuluvan vuoden toiminnan painopisteit\u00e4 ovat:<\/p>\n<ul>\n<li>verkkosivujen uudistaminen, Facebookin k\u00e4yt\u00f6n tehostaminen ja tiedottamisen kokonaisuudistus<\/li>\n<li>tiedotuskeinot: verkkosivut, Facebook, s\u00e4hk\u00f6posti, j\u00e4senkirje, lehdist\u00f6tiedotteet\/-puffit, joista huomattava, ett\u00e4 paras teho saadaan henkil\u00f6kohtaisin kontaktein<\/li>\n<li>j\u00e4senrekisterin hoitaminen erillisell\u00e4 rekisteriohjelmalla Excelin sijasta<\/li>\n<li>Vuosittaisen Lyseon vuosip\u00e4iv\u00e4n vieton aloittaminen 1.9.<\/li>\n<li>vanhan koulun alla olevan kellaritilan remontoiminen koulun vanhan opetus- ym. materiaalin n\u00e4yttely- ja varastotilaksi, my\u00f6s senioritarpeet huomioiden.<\/li>\n<\/ul>\n<p>&nbsp;<\/p>\n","protected":false},"excerpt":{"rendered":"<p>&nbsp; Toimintakertomuksen on kirjoittanut kunniapuheenjohtaja \u00a0 \u00a0 \u00a0 \u00a0 \u00a0 \u00a0 \u00a0 \u00a0 \u00a0Lauri Lempinen.\u00a0 Mies, jonka ylioppilastodistuksessa on kolme\u00a0\u00e4ll\u00e4\u00e4&#8230; &nbsp; Taustaa Koska Porin Lyseon Seniorit ry:n vuoden 2014 toimintakertomus on ensimm\u00e4inen, joka tultuaan kev\u00e4tkokouksessa hyv\u00e4ksytyksi julkaistaan sek\u00e4 Lyseon perinneyhdistyksen verkkosivuilla ett\u00e4 Facebookissa, lienee perusteltua, ett\u00e4 kertomuksen alussa johdantona on suppea yhteenveto mit\u00e4 edelt\u00e4vin\u00e4 24 &hellip; <a href=\"https:\/\/www.cedunet.fi\/lyseoseniorit\/?page_id=148\" class=\"more-link\">Jatka lukemista <span class=\"screen-reader-text\">Toimintakertomus  2014<\/span> <span class=\"meta-nav\">&rarr;<\/span><\/a><\/p>\n","protected":false},"author":3,"featured_media":0,"parent":0,"menu_order":0,"comment_status":"closed","ping_status":"closed","template":"","meta":{"footnotes":""},"class_list":["post-148","page","type-page","status-publish","hentry"],"_links":{"self":[{"href":"https:\/\/www.cedunet.fi\/lyseoseniorit\/index.php?rest_route=\/wp\/v2\/pages\/148","targetHints":{"allow":["GET"]}}],"collection":[{"href":"https:\/\/www.cedunet.fi\/lyseoseniorit\/index.php?rest_route=\/wp\/v2\/pages"}],"about":[{"href":"https:\/\/www.cedunet.fi\/lyseoseniorit\/index.php?rest_route=\/wp\/v2\/types\/page"}],"author":[{"embeddable":true,"href":"https:\/\/www.cedunet.fi\/lyseoseniorit\/index.php?rest_route=\/wp\/v2\/users\/3"}],"replies":[{"embeddable":true,"href":"https:\/\/www.cedunet.fi\/lyseoseniorit\/index.php?rest_route=%2Fwp%2Fv2%2Fcomments&post=148"}],"version-history":[{"count":22,"href":"https:\/\/www.cedunet.fi\/lyseoseniorit\/index.php?rest_route=\/wp\/v2\/pages\/148\/revisions"}],"predecessor-version":[{"id":352,"href":"https:\/\/www.cedunet.fi\/lyseoseniorit\/index.php?rest_route=\/wp\/v2\/pages\/148\/revisions\/352"}],"wp:attachment":[{"href":"https:\/\/www.cedunet.fi\/lyseoseniorit\/index.php?rest_route=%2Fwp%2Fv2%2Fmedia&parent=148"}],"curies":[{"name":"wp","href":"https:\/\/api.w.org\/{rel}","templated":true}]}}